{"id":19,"date":"2014-12-11T13:24:36","date_gmt":"2014-12-11T11:24:36","guid":{"rendered":"http:\/\/www.schwedenhaus-bartnik.de\/?page_id=19"},"modified":"2023-02-07T20:08:43","modified_gmt":"2023-02-07T18:08:43","slug":"impressionen","status":"publish","type":"page","link":"https:\/\/www.schwedenhaus-bartnik.de\/?page_id=19","title":{"rendered":"Impressionen"},"content":{"rendered":"<figure id=\"attachment_282\" aria-describedby=\"caption-attachment-282\" style=\"width: 300px\" class=\"wp-caption alignnone\"><a href=\"http:\/\/www.schwedenhaus-bartnik.de\/wp-content\/uploads\/2015\/01\/Venjan-Sept.-2011-166.jpg\"><img fetchpriority=\"high\" decoding=\"async\" class=\"size-medium wp-image-282\" src=\"http:\/\/www.schwedenhaus-bartnik.de\/wp-content\/uploads\/2015\/01\/Venjan-Sept.-2011-166-300x224.jpg\" alt=\"Blick auf den Venjansj\u00f6n\" width=\"300\" height=\"224\" srcset=\"https:\/\/www.schwedenhaus-bartnik.de\/wp-content\/uploads\/2015\/01\/Venjan-Sept.-2011-166-300x224.jpg 300w, https:\/\/www.schwedenhaus-bartnik.de\/wp-content\/uploads\/2015\/01\/Venjan-Sept.-2011-166.jpg 568w\" sizes=\"(max-width: 300px) 100vw, 300px\" \/><\/a><figcaption id=\"caption-attachment-282\" class=\"wp-caption-text\">Blick auf den Venjansj\u00f6n<\/figcaption><\/figure>\n<p><a href=\"http:\/\/www.schwedenhaus-bartnik.de\/wp-content\/uploads\/2017\/03\/20160511_165725.jpg\"><img decoding=\"async\" class=\"alignnone size-medium wp-image-497\" src=\"http:\/\/www.schwedenhaus-bartnik.de\/wp-content\/uploads\/2017\/03\/20160511_165725-300x169.jpg\" alt=\"\" width=\"300\" height=\"169\" srcset=\"https:\/\/www.schwedenhaus-bartnik.de\/wp-content\/uploads\/2017\/03\/20160511_165725-300x169.jpg 300w, https:\/\/www.schwedenhaus-bartnik.de\/wp-content\/uploads\/2017\/03\/20160511_165725-768x432.jpg 768w, https:\/\/www.schwedenhaus-bartnik.de\/wp-content\/uploads\/2017\/03\/20160511_165725-1024x576.jpg 1024w\" sizes=\"(max-width: 300px) 100vw, 300px\" \/><\/a><\/p>\n<p>Badestelle am Kr\u00e4ggtj\u00e4rn<\/p>\n<p><a href=\"http:\/\/www.schwedenhaus-bartnik.de\/wp-content\/uploads\/2014\/12\/20161102_123544.jpg\"><img decoding=\"async\" class=\"alignnone size-medium wp-image-500\" src=\"http:\/\/www.schwedenhaus-bartnik.de\/wp-content\/uploads\/2014\/12\/20161102_123544-300x169.jpg\" alt=\"\" width=\"300\" height=\"169\" srcset=\"https:\/\/www.schwedenhaus-bartnik.de\/wp-content\/uploads\/2014\/12\/20161102_123544-300x169.jpg 300w, https:\/\/www.schwedenhaus-bartnik.de\/wp-content\/uploads\/2014\/12\/20161102_123544-768x432.jpg 768w, https:\/\/www.schwedenhaus-bartnik.de\/wp-content\/uploads\/2014\/12\/20161102_123544-1024x576.jpg 1024w\" sizes=\"(max-width: 300px) 100vw, 300px\" \/><\/a><\/p>\n<p>Linke K\u00fcchenzeile mit Gasherd<\/p>\n<figure id=\"attachment_300\" aria-describedby=\"caption-attachment-300\" style=\"width: 300px\" class=\"wp-caption alignnone\"><a href=\"http:\/\/www.schwedenhaus-bartnik.de\/wp-content\/uploads\/2015\/01\/Venjan-Sept.-2011-540.jpg\"><img loading=\"lazy\" decoding=\"async\" class=\"size-medium wp-image-300\" src=\"http:\/\/www.schwedenhaus-bartnik.de\/wp-content\/uploads\/2015\/01\/Venjan-Sept.-2011-540-300x224.jpg\" alt=\"Der Vanan (Fluss durch Venjan) in unserem Kielwasser\" width=\"300\" height=\"224\" srcset=\"https:\/\/www.schwedenhaus-bartnik.de\/wp-content\/uploads\/2015\/01\/Venjan-Sept.-2011-540-300x224.jpg 300w, https:\/\/www.schwedenhaus-bartnik.de\/wp-content\/uploads\/2015\/01\/Venjan-Sept.-2011-540.jpg 568w\" sizes=\"(max-width: 300px) 100vw, 300px\" \/><\/a><figcaption id=\"caption-attachment-300\" class=\"wp-caption-text\">Der Vanan (Fluss durch Venjan) in unserem Kielwasser<\/figcaption><\/figure>\n<figure id=\"attachment_256\" aria-describedby=\"caption-attachment-256\" style=\"width: 300px\" class=\"wp-caption alignnone\"><a href=\"http:\/\/www.schwedenhaus-bartnik.de\/wp-content\/uploads\/2015\/01\/P1130123.jpg\"><img loading=\"lazy\" decoding=\"async\" class=\"size-medium wp-image-256\" src=\"http:\/\/www.schwedenhaus-bartnik.de\/wp-content\/uploads\/2015\/01\/P1130123-300x225.jpg\" alt=\"Unser Boot am H\u00e4sj\u00f6n\" width=\"300\" height=\"225\" srcset=\"https:\/\/www.schwedenhaus-bartnik.de\/wp-content\/uploads\/2015\/01\/P1130123-300x225.jpg 300w, https:\/\/www.schwedenhaus-bartnik.de\/wp-content\/uploads\/2015\/01\/P1130123-1024x768.jpg 1024w, https:\/\/www.schwedenhaus-bartnik.de\/wp-content\/uploads\/2015\/01\/P1130123.jpg 1080w\" sizes=\"(max-width: 300px) 100vw, 300px\" \/><\/a><figcaption id=\"caption-attachment-256\" class=\"wp-caption-text\">Unser Boot am H\u00e4sj\u00f6n<\/figcaption><\/figure>\n<figure id=\"attachment_259\" aria-describedby=\"caption-attachment-259\" style=\"width: 300px\" class=\"wp-caption alignnone\"><a href=\"http:\/\/www.schwedenhaus-bartnik.de\/wp-content\/uploads\/2015\/01\/Schweden-Herbst-2009-041.jpg\"><img loading=\"lazy\" decoding=\"async\" class=\"size-medium wp-image-259\" src=\"http:\/\/www.schwedenhaus-bartnik.de\/wp-content\/uploads\/2015\/01\/Schweden-Herbst-2009-041-300x225.jpg\" alt=\"Unser Boot am Dragsj\u00f6n\" width=\"300\" height=\"225\" srcset=\"https:\/\/www.schwedenhaus-bartnik.de\/wp-content\/uploads\/2015\/01\/Schweden-Herbst-2009-041-300x225.jpg 300w, https:\/\/www.schwedenhaus-bartnik.de\/wp-content\/uploads\/2015\/01\/Schweden-Herbst-2009-041.jpg 400w\" sizes=\"(max-width: 300px) 100vw, 300px\" \/><\/a><figcaption id=\"caption-attachment-259\" class=\"wp-caption-text\">Unser Boot am Dragsj\u00f6n<\/figcaption><\/figure>\n<figure id=\"attachment_289\" aria-describedby=\"caption-attachment-289\" style=\"width: 300px\" class=\"wp-caption alignnone\"><a href=\"http:\/\/www.schwedenhaus-bartnik.de\/wp-content\/uploads\/2015\/01\/Venjan-Sept.-2011-234.jpg\"><img loading=\"lazy\" decoding=\"async\" class=\"size-medium wp-image-289\" src=\"http:\/\/www.schwedenhaus-bartnik.de\/wp-content\/uploads\/2015\/01\/Venjan-Sept.-2011-234-300x224.jpg\" alt=\"Unser Boot am Gasj\u00f6n\" width=\"300\" height=\"224\" srcset=\"https:\/\/www.schwedenhaus-bartnik.de\/wp-content\/uploads\/2015\/01\/Venjan-Sept.-2011-234-300x224.jpg 300w, https:\/\/www.schwedenhaus-bartnik.de\/wp-content\/uploads\/2015\/01\/Venjan-Sept.-2011-234.jpg 568w\" sizes=\"(max-width: 300px) 100vw, 300px\" \/><\/a><figcaption id=\"caption-attachment-289\" class=\"wp-caption-text\">Unser Boot am Gasj\u00f6n<\/figcaption><\/figure>\n<figure id=\"attachment_279\" aria-describedby=\"caption-attachment-279\" style=\"width: 300px\" class=\"wp-caption alignnone\"><a href=\"http:\/\/www.schwedenhaus-bartnik.de\/wp-content\/uploads\/2015\/01\/Venjan-Sept.-2011-067.jpg\"><img loading=\"lazy\" decoding=\"async\" class=\"size-medium wp-image-279\" src=\"http:\/\/www.schwedenhaus-bartnik.de\/wp-content\/uploads\/2015\/01\/Venjan-Sept.-2011-067-300x224.jpg\" alt=\"Unser Waldgrundt\u00fcck zum See mit Beerenstr\u00e4uchern\" width=\"300\" height=\"224\" srcset=\"https:\/\/www.schwedenhaus-bartnik.de\/wp-content\/uploads\/2015\/01\/Venjan-Sept.-2011-067-300x224.jpg 300w, https:\/\/www.schwedenhaus-bartnik.de\/wp-content\/uploads\/2015\/01\/Venjan-Sept.-2011-067.jpg 568w\" sizes=\"(max-width: 300px) 100vw, 300px\" \/><\/a><figcaption id=\"caption-attachment-279\" class=\"wp-caption-text\">Unser Waldgrundt\u00fcck zum See mit Beerenstr\u00e4uchern<\/figcaption><\/figure>\n<figure id=\"attachment_297\" aria-describedby=\"caption-attachment-297\" style=\"width: 300px\" class=\"wp-caption alignnone\"><a href=\"http:\/\/www.schwedenhaus-bartnik.de\/wp-content\/uploads\/2015\/01\/Venjan-Sept.-2011-524.jpg\"><img loading=\"lazy\" decoding=\"async\" class=\"size-medium wp-image-297\" src=\"http:\/\/www.schwedenhaus-bartnik.de\/wp-content\/uploads\/2015\/01\/Venjan-Sept.-2011-524-300x224.jpg\" alt=\"Dorfkirche in Venjan\" width=\"300\" height=\"224\" srcset=\"https:\/\/www.schwedenhaus-bartnik.de\/wp-content\/uploads\/2015\/01\/Venjan-Sept.-2011-524-300x224.jpg 300w, https:\/\/www.schwedenhaus-bartnik.de\/wp-content\/uploads\/2015\/01\/Venjan-Sept.-2011-524.jpg 568w\" sizes=\"(max-width: 300px) 100vw, 300px\" \/><\/a><figcaption id=\"caption-attachment-297\" class=\"wp-caption-text\">Dorfkirche in Venjan, im Vordergrund Feuerwehr- und Gemeindehaus<\/figcaption><\/figure>\n<figure id=\"attachment_98\" aria-describedby=\"caption-attachment-98\" style=\"width: 300px\" class=\"wp-caption alignnone\"><a href=\"http:\/\/www.schwedenhaus-bartnik.de\/wp-content\/uploads\/2014\/12\/P1130259.jpg\"><img loading=\"lazy\" decoding=\"async\" class=\"size-medium wp-image-98\" src=\"http:\/\/www.schwedenhaus-bartnik.de\/wp-content\/uploads\/2014\/12\/P1130259-300x225.jpg\" alt=\"Zapfstelle f\u00fcr 5-10 l F\u00e4sschen auf der Terrasse\" width=\"300\" height=\"225\" srcset=\"https:\/\/www.schwedenhaus-bartnik.de\/wp-content\/uploads\/2014\/12\/P1130259-300x225.jpg 300w, https:\/\/www.schwedenhaus-bartnik.de\/wp-content\/uploads\/2014\/12\/P1130259-1024x768.jpg 1024w, https:\/\/www.schwedenhaus-bartnik.de\/wp-content\/uploads\/2014\/12\/P1130259.jpg 1080w\" sizes=\"(max-width: 300px) 100vw, 300px\" \/><\/a><figcaption id=\"caption-attachment-98\" class=\"wp-caption-text\">Zapfstelle f\u00fcr 5-10 l F\u00e4sschen auf der Terrasse<\/figcaption><\/figure>\n<p>&nbsp;<\/p>\n<figure id=\"attachment_97\" aria-describedby=\"caption-attachment-97\" style=\"width: 300px\" class=\"wp-caption alignnone\"><a href=\"http:\/\/www.schwedenhaus-bartnik.de\/wp-content\/uploads\/2014\/12\/P1130204.jpg\"><img loading=\"lazy\" decoding=\"async\" class=\"size-medium wp-image-97\" src=\"http:\/\/www.schwedenhaus-bartnik.de\/wp-content\/uploads\/2014\/12\/P1130204-300x225.jpg\" alt=\"Junger Auerhahn im Unterholz, kommt h\u00e4ufig vor\" width=\"300\" height=\"225\" srcset=\"https:\/\/www.schwedenhaus-bartnik.de\/wp-content\/uploads\/2014\/12\/P1130204-300x225.jpg 300w, https:\/\/www.schwedenhaus-bartnik.de\/wp-content\/uploads\/2014\/12\/P1130204-1024x768.jpg 1024w, https:\/\/www.schwedenhaus-bartnik.de\/wp-content\/uploads\/2014\/12\/P1130204.jpg 1080w\" sizes=\"(max-width: 300px) 100vw, 300px\" \/><\/a><figcaption id=\"caption-attachment-97\" class=\"wp-caption-text\">Junger Auerhahn im Unterholz, kommt h\u00e4ufig vor<\/figcaption><\/figure>\n<p>&nbsp;<\/p>\n<figure id=\"attachment_92\" aria-describedby=\"caption-attachment-92\" style=\"width: 300px\" class=\"wp-caption alignnone\"><a href=\"http:\/\/www.schwedenhaus-bartnik.de\/wp-content\/uploads\/2014\/12\/P1120434.jpg\"><img loading=\"lazy\" decoding=\"async\" class=\"size-medium wp-image-92\" src=\"http:\/\/www.schwedenhaus-bartnik.de\/wp-content\/uploads\/2014\/12\/P1120434-300x200.jpg\" alt=\"Nachmittags auf dem Venjansj\u00f6n\" width=\"300\" height=\"200\" srcset=\"https:\/\/www.schwedenhaus-bartnik.de\/wp-content\/uploads\/2014\/12\/P1120434-300x200.jpg 300w, https:\/\/www.schwedenhaus-bartnik.de\/wp-content\/uploads\/2014\/12\/P1120434.jpg 539w\" sizes=\"(max-width: 300px) 100vw, 300px\" \/><\/a><figcaption id=\"caption-attachment-92\" class=\"wp-caption-text\">Nachmittags auf dem Venjansj\u00f6n<\/figcaption><\/figure>\n<figure id=\"attachment_89\" aria-describedby=\"caption-attachment-89\" style=\"width: 300px\" class=\"wp-caption alignnone\"><a href=\"http:\/\/www.schwedenhaus-bartnik.de\/wp-content\/uploads\/2014\/12\/IMGP6782.jpg\"><img loading=\"lazy\" decoding=\"async\" class=\"size-medium wp-image-89\" src=\"http:\/\/www.schwedenhaus-bartnik.de\/wp-content\/uploads\/2014\/12\/IMGP6782-300x199.jpg\" alt=\"Liegeplatz vom Bade-\/Angelboot in der M\u00fcndung des Kr\u00e4ggan am Venjansj\u00f6n\" width=\"300\" height=\"199\" srcset=\"https:\/\/www.schwedenhaus-bartnik.de\/wp-content\/uploads\/2014\/12\/IMGP6782-300x199.jpg 300w, https:\/\/www.schwedenhaus-bartnik.de\/wp-content\/uploads\/2014\/12\/IMGP6782.jpg 752w\" sizes=\"(max-width: 300px) 100vw, 300px\" \/><\/a><figcaption id=\"caption-attachment-89\" class=\"wp-caption-text\">Liegeplatz vom Bade-\/Angelboot in der M\u00fcndung des Kr\u00e4ggan am Venjansj\u00f6n<\/figcaption><\/figure>\n<figure id=\"attachment_303\" aria-describedby=\"caption-attachment-303\" style=\"width: 300px\" class=\"wp-caption alignnone\"><a href=\"http:\/\/www.schwedenhaus-bartnik.de\/wp-content\/uploads\/2015\/01\/Venjan-Sept.-2011-582.jpg\"><img loading=\"lazy\" decoding=\"async\" class=\"size-medium wp-image-303\" src=\"http:\/\/www.schwedenhaus-bartnik.de\/wp-content\/uploads\/2015\/01\/Venjan-Sept.-2011-582-300x224.jpg\" alt=\"Einsam gelegen am Venjansj\u00f6n\" width=\"300\" height=\"224\" srcset=\"https:\/\/www.schwedenhaus-bartnik.de\/wp-content\/uploads\/2015\/01\/Venjan-Sept.-2011-582-300x224.jpg 300w, https:\/\/www.schwedenhaus-bartnik.de\/wp-content\/uploads\/2015\/01\/Venjan-Sept.-2011-582.jpg 568w\" sizes=\"(max-width: 300px) 100vw, 300px\" \/><\/a><figcaption id=\"caption-attachment-303\" class=\"wp-caption-text\">Einsam gelegen am Venjansj\u00f6n, eine Sommarstuga<\/figcaption><\/figure>\n<figure id=\"attachment_281\" aria-describedby=\"caption-attachment-281\" style=\"width: 300px\" class=\"wp-caption alignnone\"><a href=\"http:\/\/www.schwedenhaus-bartnik.de\/wp-content\/uploads\/2015\/01\/Venjan-Sept.-2011-141.jpg\"><img loading=\"lazy\" decoding=\"async\" class=\"size-medium wp-image-281\" src=\"http:\/\/www.schwedenhaus-bartnik.de\/wp-content\/uploads\/2015\/01\/Venjan-Sept.-2011-141-300x224.jpg\" alt=\"Blick von der Terrasse\" width=\"300\" height=\"224\" srcset=\"https:\/\/www.schwedenhaus-bartnik.de\/wp-content\/uploads\/2015\/01\/Venjan-Sept.-2011-141-300x224.jpg 300w, https:\/\/www.schwedenhaus-bartnik.de\/wp-content\/uploads\/2015\/01\/Venjan-Sept.-2011-141.jpg 568w\" sizes=\"(max-width: 300px) 100vw, 300px\" \/><\/a><figcaption id=\"caption-attachment-281\" class=\"wp-caption-text\">Blick von der Terrasse<\/figcaption><\/figure>\n<p>&nbsp;<\/p>\n<figure id=\"attachment_79\" aria-describedby=\"caption-attachment-79\" style=\"width: 300px\" class=\"wp-caption alignnone\"><a href=\"http:\/\/www.schwedenhaus-bartnik.de\/wp-content\/uploads\/2014\/12\/19.jpg\"><img loading=\"lazy\" decoding=\"async\" class=\"size-medium wp-image-79\" src=\"http:\/\/www.schwedenhaus-bartnik.de\/wp-content\/uploads\/2014\/12\/19-300x225.jpg\" alt=\"Espenrotkappe, frisch gewachsen, ein au\u00dferordentlich guter Speisepilz \" width=\"300\" height=\"225\" srcset=\"https:\/\/www.schwedenhaus-bartnik.de\/wp-content\/uploads\/2014\/12\/19-300x225.jpg 300w, https:\/\/www.schwedenhaus-bartnik.de\/wp-content\/uploads\/2014\/12\/19-1024x768.jpg 1024w, https:\/\/www.schwedenhaus-bartnik.de\/wp-content\/uploads\/2014\/12\/19.jpg 1080w\" sizes=\"(max-width: 300px) 100vw, 300px\" \/><\/a><figcaption id=\"caption-attachment-79\" class=\"wp-caption-text\">Espenrotkappe, frisch gewachsen, ein au\u00dferordentlich guter Speisepilz<\/figcaption><\/figure>\n","protected":false},"excerpt":{"rendered":"<p>Badestelle am Kr\u00e4ggtj\u00e4rn Linke K\u00fcchenzeile mit Gasherd &nbsp; &nbsp; &nbsp;<\/p>\n","protected":false},"author":1,"featured_media":0,"parent":0,"menu_order":0,"comment_status":"closed","ping_status":"open","template":"","meta":{"ngg_post_thumbnail":0,"ocean_post_layout":"","ocean_both_sidebars_style":"","ocean_both_sidebars_content_width":0,"ocean_both_sidebars_sidebars_width":0,"ocean_sidebar":"0","ocean_second_sidebar":"0","ocean_disable_margins":"enable","ocean_add_body_class":"","ocean_shortcode_before_top_bar":"","ocean_shortcode_after_top_bar":"","ocean_shortcode_before_header":"","ocean_shortcode_after_header":"","ocean_has_shortcode":"","ocean_shortcode_after_title":"","ocean_shortcode_before_footer_widgets":"","ocean_shortcode_after_footer_widgets":"","ocean_shortcode_before_footer_bottom":"","ocean_shortcode_after_footer_bottom":"","ocean_display_top_bar":"default","ocean_display_header":"default","ocean_header_style":"","ocean_center_header_left_menu":"0","ocean_custom_header_template":"0","ocean_custom_logo":0,"ocean_custom_retina_logo":0,"ocean_custom_logo_max_width":0,"ocean_custom_logo_tablet_max_width":0,"ocean_custom_logo_mobile_max_width":0,"ocean_custom_logo_max_height":0,"ocean_custom_logo_tablet_max_height":0,"ocean_custom_logo_mobile_max_height":0,"ocean_header_custom_menu":"0","ocean_menu_typo_font_family":"0","ocean_menu_typo_font_subset":"","ocean_menu_typo_font_size":0,"ocean_menu_typo_font_size_tablet":0,"ocean_menu_typo_font_size_mobile":0,"ocean_menu_typo_font_size_unit":"px","ocean_menu_typo_font_weight":"","ocean_menu_typo_font_weight_tablet":"","ocean_menu_typo_font_weight_mobile":"","ocean_menu_typo_transform":"","ocean_menu_typo_transform_tablet":"","ocean_menu_typo_transform_mobile":"","ocean_menu_typo_line_height":0,"ocean_menu_typo_line_height_tablet":0,"ocean_menu_typo_line_height_mobile":0,"ocean_menu_typo_line_height_unit":"","ocean_menu_typo_spacing":0,"ocean_menu_typo_spacing_tablet":0,"ocean_menu_typo_spacing_mobile":0,"ocean_menu_typo_spacing_unit":"","ocean_menu_link_color":"","ocean_menu_link_color_hover":"","ocean_menu_link_color_active":"","ocean_menu_link_background":"","ocean_menu_link_hover_background":"","ocean_menu_link_active_background":"","ocean_menu_social_links_bg":"","ocean_menu_social_hover_links_bg":"","ocean_menu_social_links_color":"","ocean_menu_social_hover_links_color":"","ocean_disable_title":"default","ocean_disable_heading":"default","ocean_post_title":"","ocean_post_subheading":"","ocean_post_title_style":"","ocean_post_title_background_color":"","ocean_post_title_background":0,"ocean_post_title_bg_image_position":"","ocean_post_title_bg_image_attachment":"","ocean_post_title_bg_image_repeat":"","ocean_post_title_bg_image_size":"","ocean_post_title_height":0,"ocean_post_title_bg_overlay":0.5,"ocean_post_title_bg_overlay_color":"","ocean_disable_breadcrumbs":"default","ocean_breadcrumbs_color":"","ocean_breadcrumbs_separator_color":"","ocean_breadcrumbs_links_color":"","ocean_breadcrumbs_links_hover_color":"","ocean_display_footer_widgets":"default","ocean_display_footer_bottom":"default","ocean_custom_footer_template":"0","footnotes":""},"class_list":["post-19","page","type-page","status-publish","hentry","entry"],"_links":{"self":[{"href":"https:\/\/www.schwedenhaus-bartnik.de\/index.php?rest_route=\/wp\/v2\/pages\/19","targetHints":{"allow":["GET"]}}],"collection":[{"href":"https:\/\/www.schwedenhaus-bartnik.de\/index.php?rest_route=\/wp\/v2\/pages"}],"about":[{"href":"https:\/\/www.schwedenhaus-bartnik.de\/index.php?rest_route=\/wp\/v2\/types\/page"}],"author":[{"embeddable":true,"href":"https:\/\/www.schwedenhaus-bartnik.de\/index.php?rest_route=\/wp\/v2\/users\/1"}],"replies":[{"embeddable":true,"href":"https:\/\/www.schwedenhaus-bartnik.de\/index.php?rest_route=%2Fwp%2Fv2%2Fcomments&post=19"}],"version-history":[{"count":16,"href":"https:\/\/www.schwedenhaus-bartnik.de\/index.php?rest_route=\/wp\/v2\/pages\/19\/revisions"}],"predecessor-version":[{"id":504,"href":"https:\/\/www.schwedenhaus-bartnik.de\/index.php?rest_route=\/wp\/v2\/pages\/19\/revisions\/504"}],"wp:attachment":[{"href":"https:\/\/www.schwedenhaus-bartnik.de\/index.php?rest_route=%2Fwp%2Fv2%2Fmedia&parent=19"}],"curies":[{"name":"wp","href":"https:\/\/api.w.org\/{rel}","templated":true}]}}